{"id":9137546,"date":"2026-05-01T10:00:29","date_gmt":"2026-05-01T10:00:29","guid":{"rendered":"https:\/\/richard-vacances.com\/V3\/?post_type=listing&#038;p=9137546"},"modified":"2026-05-01T10:00:29","modified_gmt":"2026-05-01T10:00:29","slug":"villa-6044-85","status":"publish","type":"property","link":"https:\/\/richard-vacances.com\/V3\/index.php\/bien\/villa-6044-85\/","title":{"rendered":"Villa ( ref. 6044)"},"content":{"rendered":"<p>Une exclusivit\u00e9 Richard Vacances depuis 2013 !<\/p>\n<p>Superbe villa d&#039;architecte  neuve (constr. 2013) sur jardin clos de 400m2, face \u00e0 la plage du Teven \u00e0 l&#039;Ile Tudy. Seul le chemin douanier s\u00e9pare la villa de la plage.Surface habitable: 144 m2. Stationnement des voitures sous le carport \u00e0 l&#039;arri\u00e8re de la maison. Exp. Sud<\/p>\n<p>Location exceptionnelle, mobilier haut de gamme, \u00e9quipement neuf et de qualit\u00e9. Belle vue mer de l&#039;\u00e9tage.<\/p>\n<p>Rez de chauss\u00e9e :<br \/>\n&#8211; Pi\u00e8ce \u00e0 vivre avec partie cuisine am\u00e9nag\u00e9e en \u00eelot .<br \/>\n&#8211; Partie repas<br \/>\n&#8211; Partie salon, ouvrant sur terrasse bois de 20m2 au Sud<br \/>\n&#8211; Une chambre avec un lit deux personnes 160&#215;200<br \/>\n&#8211; Salle d&#039;eau avec douche italienne<br \/>\n&#8211; W.C. avec lave mains<br \/>\n&#8211; lingerie<\/p>\n<p>Etage:<br \/>\n&#8211; Une chambre avec un lit deux personnes 160&#215;200 (avec acc\u00e8s terrasse)<br \/>\n&#8211; Une chambre avec deux lits simples de 80 x 200 qui peuvent \u00eatre r\u00e9unis pour former un lit double de 160 x 200.<br \/>\n&#8211; salle d&#039;eau avec douche italienne et W.C.<\/p>\n<p>***Livebox<\/p>\n","protected":false},"excerpt":{"rendered":"<p>Une exclusivit\u00e9 Richard Vacances depuis 2013 !<\/p>\n<p>Superbe villa d&#039;architecte  neuve (constr. 201&#8230;<\/p>\n","protected":false},"author":2,"featured_media":9137547,"parent":0,"menu_order":0,"template":"","property_type":[164],"property_status":[156],"property_feature":[],"property_label":[],"property_city":[188],"property_area":[],"class_list":["post-9137546","property","type-property","status-publish","has-post-thumbnail","hentry","property_type-villa","property_status-locationsvacances","property_city-ile-tudy"],"property_meta":{"fave_property_id":["6044"],"fave_property_price":["1250"],"fave_periodicite":["semaine"],"fave_property_bedrooms":["6"],"fave_fiche_dispo":["6044"],"fave_featured":["0"],"fave_agent_display_option":["agent_info"],"fave_agents":["156"],"fave_semaine_dispo_20_2026":["O"],"fave_semaine_dispo_21_2026":["O"],"fave_semaine_dispo_22_2026":["O"],"fave_semaine_dispo_23_2026":["O"],"fave_semaine_dispo_24_2026":["O"],"fave_semaine_dispo_25_2026":["O"],"fave_semaine_dispo_26_2026":["O"],"fave_semaine_dispo_33_2026":["O"],"fave_semaine_dispo_34_2026":["O"],"fave_semaine_dispo_37_2026":["O"],"fave_semaine_dispo_38_2026":["O"],"fave_semaine_dispo_39_2026":["O"],"fave_semaine_dispo_49_2026":["O"],"fave_semaine_dispo_50_2026":["O"],"fave_semaine_dispo_51_2026":["O"],"fave_semaine_dispo_52_2026":["O"],"fave_semaine_dispo_01_2027":["O"],"fave_semaine_dispo_02_2027":["O"],"fave_semaine_dispo_03_2027":["O"],"fave_semaine_dispo_04_2027":["O"],"fave_semaine_dispo_05_2027":["O"],"fave_semaine_dispo_06_2027":["O"],"fave_semaine_dispo_07_2027":["O"],"fave_semaine_dispo_08_2027":["O"],"fave_semaine_dispo_09_2027":["O"],"fave_semaine_dispo_10_2027":["O"],"fave_semaine_dispo_11_2027":["O"],"fave_semaine_dispo_12_2027":["O"],"fave_semaine_dispo_13_2027":["O"],"fave_semaine_dispo_14_2027":["O"],"fave_semaine_dispo_15_2027":["O"],"fave_semaine_dispo_16_2027":["O"],"fave_semaine_dispo_17_2027":["O"],"fave_semaine_dispo_18_2027":["O"],"post_id:9137546":[""],"_thumbnail_id":["9137547"],"fave_property_images":["9137547","9137548","9137549","9137550","9137551","9137552","9137553","9137554","9137555","9137556","9137557","9137558","9137559","9137560","9137561","9137562","9137563"],"houzez_total_property_views":["3"],"houzez_views_by_date":["a:1:{s:10:\"05-01-2026\";i:3;}"],"houzez_recently_viewed":["2026-05-01 14:08:22"]},"yoast_head":"<!-- This site is optimized with the Yoast SEO plugin v17.9 - https:\/\/yoast.com\/wordpress\/plugins\/seo\/ -->\n<title>Villa ( ref. 6044) - Richard Vacances<\/title>\n<meta name=\"robots\" content=\"index, follow, max-snippet:-1, max-image-preview:large, max-video-preview:-1\" \/>\n<link rel=\"canonical\" href=\"https:\/\/richard-vacances.com\/V3\/index.php\/bien\/villa-6044-85\/\" \/>\n<meta property=\"og:locale\" content=\"fr_FR\" \/>\n<meta property=\"og:type\" content=\"article\" \/>\n<meta property=\"og:title\" content=\"Villa ( ref. 6044) - Richard Vacances\" \/>\n<meta property=\"og:description\" content=\"Une exclusivit\u00e9 Richard Vacances depuis 2013 ! Superbe villa d&#039;architecte neuve (constr. 201...\" \/>\n<meta property=\"og:url\" content=\"https:\/\/richard-vacances.com\/V3\/index.php\/bien\/villa-6044-85\/\" \/>\n<meta property=\"og:site_name\" content=\"Richard Vacances\" \/>\n<meta property=\"og:image\" content=\"https:\/\/richard-vacances.com\/V3\/wp-content\/uploads\/2022\/01\/6044_6044terrasse_au_soleil-1069x800jpg\" \/>\n\t<meta property=\"og:image:width\" content=\"1069\" \/>\n\t<meta property=\"og:image:height\" content=\"800\" \/>\n\t<meta property=\"og:image:type\" content=\"image\/jpeg\" \/>\n<meta name=\"twitter:card\" content=\"summary_large_image\" \/>\n<meta name=\"twitter:label1\" content=\"Dur\u00e9e de lecture estim\u00e9e\" \/>\n\t<meta name=\"twitter:data1\" content=\"1 minute\" \/>\n<script type=\"application\/ld+json\" class=\"yoast-schema-graph\">{\"@context\":\"https:\/\/schema.org\",\"@graph\":[{\"@type\":\"WebSite\",\"@id\":\"https:\/\/richard-vacances.com\/V3\/#website\",\"url\":\"https:\/\/richard-vacances.com\/V3\/\",\"name\":\"Richard Vacances\",\"description\":\"Location de vacances en Bretagne\",\"potentialAction\":[{\"@type\":\"SearchAction\",\"target\":{\"@type\":\"EntryPoint\",\"urlTemplate\":\"https:\/\/richard-vacances.com\/V3\/?s={search_term_string}\"},\"query-input\":\"required name=search_term_string\"}],\"inLanguage\":\"fr-FR\"},{\"@type\":\"ImageObject\",\"@id\":\"https:\/\/richard-vacances.com\/V3\/index.php\/bien\/villa-6044-85\/#primaryimage\",\"inLanguage\":\"fr-FR\",\"url\":\"https:\/\/richard-vacances.com\/V3\/wp-content\/uploads\/2022\/01\/6044_6044terrasse_au_soleil-1069x800jpg\",\"contentUrl\":\"https:\/\/richard-vacances.com\/V3\/wp-content\/uploads\/2022\/01\/6044_6044terrasse_au_soleil-1069x800jpg\",\"width\":1069,\"height\":800},{\"@type\":\"WebPage\",\"@id\":\"https:\/\/richard-vacances.com\/V3\/index.php\/bien\/villa-6044-85\/#webpage\",\"url\":\"https:\/\/richard-vacances.com\/V3\/index.php\/bien\/villa-6044-85\/\",\"name\":\"Villa ( ref. 6044) - Richard Vacances\",\"isPartOf\":{\"@id\":\"https:\/\/richard-vacances.com\/V3\/#website\"},\"primaryImageOfPage\":{\"@id\":\"https:\/\/richard-vacances.com\/V3\/index.php\/bien\/villa-6044-85\/#primaryimage\"},\"datePublished\":\"2026-05-01T10:00:29+00:00\",\"dateModified\":\"2026-05-01T10:00:29+00:00\",\"breadcrumb\":{\"@id\":\"https:\/\/richard-vacances.com\/V3\/index.php\/bien\/villa-6044-85\/#breadcrumb\"},\"inLanguage\":\"fr-FR\",\"potentialAction\":[{\"@type\":\"ReadAction\",\"target\":[\"https:\/\/richard-vacances.com\/V3\/index.php\/bien\/villa-6044-85\/\"]}]},{\"@type\":\"BreadcrumbList\",\"@id\":\"https:\/\/richard-vacances.com\/V3\/index.php\/bien\/villa-6044-85\/#breadcrumb\",\"itemListElement\":[{\"@type\":\"ListItem\",\"position\":1,\"name\":\"Home\",\"item\":\"https:\/\/richard-vacances.com\/V3\/\"},{\"@type\":\"ListItem\",\"position\":2,\"name\":\"Properties\",\"item\":\"https:\/\/richard-vacances.com\/V3\/index.php\/bien\/\"},{\"@type\":\"ListItem\",\"position\":3,\"name\":\"Villa ( ref. 6044)\"}]}]}<\/script>\n<!-- \/ Yoast SEO plugin. -->","yoast_head_json":{"title":"Villa ( ref. 6044) - Richard Vacances","robots":{"index":"index","follow":"follow","max-snippet":"max-snippet:-1","max-image-preview":"max-image-preview:large","max-video-preview":"max-video-preview:-1"},"canonical":"https:\/\/richard-vacances.com\/V3\/index.php\/bien\/villa-6044-85\/","og_locale":"fr_FR","og_type":"article","og_title":"Villa ( ref. 6044) - Richard Vacances","og_description":"Une exclusivit\u00e9 Richard Vacances depuis 2013 ! Superbe villa d&#039;architecte neuve (constr. 201...","og_url":"https:\/\/richard-vacances.com\/V3\/index.php\/bien\/villa-6044-85\/","og_site_name":"Richard Vacances","og_image":[{"width":1069,"height":800,"url":"https:\/\/richard-vacances.com\/V3\/wp-content\/uploads\/2022\/01\/6044_6044terrasse_au_soleil-1069x800jpg","type":"image\/jpeg"}],"twitter_card":"summary_large_image","twitter_misc":{"Dur\u00e9e de lecture estim\u00e9e":"1 minute"},"schema":{"@context":"https:\/\/schema.org","@graph":[{"@type":"WebSite","@id":"https:\/\/richard-vacances.com\/V3\/#website","url":"https:\/\/richard-vacances.com\/V3\/","name":"Richard Vacances","description":"Location de vacances en Bretagne","potentialAction":[{"@type":"SearchAction","target":{"@type":"EntryPoint","urlTemplate":"https:\/\/richard-vacances.com\/V3\/?s={search_term_string}"},"query-input":"required name=search_term_string"}],"inLanguage":"fr-FR"},{"@type":"ImageObject","@id":"https:\/\/richard-vacances.com\/V3\/index.php\/bien\/villa-6044-85\/#primaryimage","inLanguage":"fr-FR","url":"https:\/\/richard-vacances.com\/V3\/wp-content\/uploads\/2022\/01\/6044_6044terrasse_au_soleil-1069x800jpg","contentUrl":"https:\/\/richard-vacances.com\/V3\/wp-content\/uploads\/2022\/01\/6044_6044terrasse_au_soleil-1069x800jpg","width":1069,"height":800},{"@type":"WebPage","@id":"https:\/\/richard-vacances.com\/V3\/index.php\/bien\/villa-6044-85\/#webpage","url":"https:\/\/richard-vacances.com\/V3\/index.php\/bien\/villa-6044-85\/","name":"Villa ( ref. 6044) - Richard Vacances","isPartOf":{"@id":"https:\/\/richard-vacances.com\/V3\/#website"},"primaryImageOfPage":{"@id":"https:\/\/richard-vacances.com\/V3\/index.php\/bien\/villa-6044-85\/#primaryimage"},"datePublished":"2026-05-01T10:00:29+00:00","dateModified":"2026-05-01T10:00:29+00:00","breadcrumb":{"@id":"https:\/\/richard-vacances.com\/V3\/index.php\/bien\/villa-6044-85\/#breadcrumb"},"inLanguage":"fr-FR","potentialAction":[{"@type":"ReadAction","target":["https:\/\/richard-vacances.com\/V3\/index.php\/bien\/villa-6044-85\/"]}]},{"@type":"BreadcrumbList","@id":"https:\/\/richard-vacances.com\/V3\/index.php\/bien\/villa-6044-85\/#breadcrumb","itemListElement":[{"@type":"ListItem","position":1,"name":"Home","item":"https:\/\/richard-vacances.com\/V3\/"},{"@type":"ListItem","position":2,"name":"Properties","item":"https:\/\/richard-vacances.com\/V3\/index.php\/bien\/"},{"@type":"ListItem","position":3,"name":"Villa ( ref. 6044)"}]}]}},"_links":{"self":[{"href":"https:\/\/richard-vacances.com\/V3\/index.php\/wp-json\/wp\/v2\/properties\/9137546","targetHints":{"allow":["GET"]}}],"collection":[{"href":"https:\/\/richard-vacances.com\/V3\/index.php\/wp-json\/wp\/v2\/properties"}],"about":[{"href":"https:\/\/richard-vacances.com\/V3\/index.php\/wp-json\/wp\/v2\/types\/property"}],"author":[{"embeddable":true,"href":"https:\/\/richard-vacances.com\/V3\/index.php\/wp-json\/wp\/v2\/users\/2"}],"version-history":[{"count":0,"href":"https:\/\/richard-vacances.com\/V3\/index.php\/wp-json\/wp\/v2\/properties\/9137546\/revisions"}],"wp:featuredmedia":[{"embeddable":true,"href":"https:\/\/richard-vacances.com\/V3\/index.php\/wp-json\/wp\/v2\/media\/9137547"}],"wp:attachment":[{"href":"https:\/\/richard-vacances.com\/V3\/index.php\/wp-json\/wp\/v2\/media?parent=9137546"}],"wp:term":[{"taxonomy":"property_type","embeddable":true,"href":"https:\/\/richard-vacances.com\/V3\/index.php\/wp-json\/wp\/v2\/property_type?post=9137546"},{"taxonomy":"property_status","embeddable":true,"href":"https:\/\/richard-vacances.com\/V3\/index.php\/wp-json\/wp\/v2\/property_status?post=9137546"},{"taxonomy":"property_feature","embeddable":true,"href":"https:\/\/richard-vacances.com\/V3\/index.php\/wp-json\/wp\/v2\/property_feature?post=9137546"},{"taxonomy":"property_label","embeddable":true,"href":"https:\/\/richard-vacances.com\/V3\/index.php\/wp-json\/wp\/v2\/property_label?post=9137546"},{"taxonomy":"property_city","embeddable":true,"href":"https:\/\/richard-vacances.com\/V3\/index.php\/wp-json\/wp\/v2\/property_city?post=9137546"},{"taxonomy":"property_area","embeddable":true,"href":"https:\/\/richard-vacances.com\/V3\/index.php\/wp-json\/wp\/v2\/property_area?post=9137546"}],"curies":[{"name":"wp","href":"https:\/\/api.w.org\/{rel}","templated":true}]}}