{"id":9137618,"date":"2026-05-01T10:00:30","date_gmt":"2026-05-01T10:00:30","guid":{"rendered":"https:\/\/richard-vacances.com\/V3\/?post_type=listing&#038;p=9137618"},"modified":"2026-05-01T10:00:30","modified_gmt":"2026-05-01T10:00:30","slug":"villa-6105-162","status":"publish","type":"property","link":"https:\/\/richard-vacances.com\/V3\/index.php\/bien\/villa-6105-162\/","title":{"rendered":"Villa ( ref. 6105)"},"content":{"rendered":"<p>Lou\u00e9 en exclusivit\u00e9 par Richard Vacances depuis 2013<\/p>\n<p>Agr\u00e9able villa au centre de Beg Meil<\/p>\n<p>Villa r\u00e9cente entour\u00e9e d&#039;un jardin clos de 300m2 env., situ\u00e9e en impasse, dans le centre de Beg Meil. Endroit calme. <\/p>\n<p>Location soign\u00e9e, id\u00e9ale pour des vacances sans voiture. Commerces \u00e0 300m et plage \u00e0 500m.<\/p>\n<p>RDC:<br \/>\n&#8211; Pi\u00e8ce \u00e0 vivre avec partie cuisine am\u00e9nag\u00e9e<br \/>\n&#8211; Lingerie<br \/>\n&#8211; W.C. avec lave-mains<br \/>\nEtage:<br \/>\n&#8211; 1 chambre 1 x 2P (140): literie r\u00e9cente<br \/>\n&#8211; 1 chambre 1 x 2P (140): literie r\u00e9cente<br \/>\n&#8211; 1 grande chambre 2 x 1P : literie r\u00e9cente<br \/>\n&#8211; Salle de bains avec baignoire d&#039;angle<br \/>\n&#8211; W.C.<\/p>\n<p>&#8211; Petit garage.<\/p>\n<p>*** Internet \/\/<\/p>\n","protected":false},"excerpt":{"rendered":"<p>Lou\u00e9 en exclusivit\u00e9 par Richard Vacances depuis 2013<\/p>\n<p>Agr\u00e9able villa au centre de Beg Meil<\/p>\n<p>V&#8230;<\/p>\n","protected":false},"author":2,"featured_media":9137619,"parent":0,"menu_order":0,"template":"","property_type":[164],"property_status":[156],"property_feature":[],"property_label":[],"property_city":[194],"property_area":[],"class_list":["post-9137618","property","type-property","status-publish","has-post-thumbnail","hentry","property_type-villa","property_status-locationsvacances","property_city-beg-meil"],"property_meta":{"fave_property_id":["6105"],"fave_property_price":["515"],"fave_periodicite":["semaine"],"fave_property_bedrooms":["6"],"fave_fiche_dispo":["6105"],"fave_featured":["0"],"fave_agent_display_option":["agent_info"],"fave_agents":["156"],"fave_semaine_dispo_25_2026":["O"],"fave_semaine_dispo_26_2026":["O"],"fave_semaine_dispo_27_2026":["O"],"fave_semaine_dispo_28_2026":["O"],"fave_semaine_dispo_29_2026":["O"],"fave_semaine_dispo_33_2026":["O"],"fave_semaine_dispo_34_2026":["O"],"fave_semaine_dispo_37_2026":["O"],"fave_semaine_dispo_38_2026":["O"],"fave_semaine_dispo_39_2026":["O"],"fave_semaine_dispo_45_2026":["O"],"fave_semaine_dispo_46_2026":["O"],"fave_semaine_dispo_47_2026":["O"],"fave_semaine_dispo_48_2026":["O"],"fave_semaine_dispo_49_2026":["O"],"fave_semaine_dispo_50_2026":["O"],"fave_semaine_dispo_51_2026":["O"],"fave_semaine_dispo_52_2026":["O"],"fave_semaine_dispo_01_2027":["O"],"fave_semaine_dispo_02_2027":["O"],"fave_semaine_dispo_03_2027":["O"],"fave_semaine_dispo_04_2027":["O"],"fave_semaine_dispo_05_2027":["O"],"fave_semaine_dispo_06_2027":["O"],"fave_semaine_dispo_07_2027":["O"],"fave_semaine_dispo_08_2027":["O"],"fave_semaine_dispo_09_2027":["O"],"fave_semaine_dispo_10_2027":["O"],"fave_semaine_dispo_11_2027":["O"],"fave_semaine_dispo_12_2027":["O"],"fave_semaine_dispo_13_2027":["O"],"fave_semaine_dispo_14_2027":["O"],"fave_semaine_dispo_15_2027":["O"],"fave_semaine_dispo_16_2027":["O"],"fave_semaine_dispo_17_2027":["O"],"fave_semaine_dispo_18_2027":["O"],"post_id:9137618":[""],"_thumbnail_id":["9137619"],"fave_property_images":["9137619","9137620","9137621","9137622","9137623","9137624","9137625","9137626","9137627","9137628","9137629","9137630","9137631","9137632","9137633","9137634","9137635","9137636","9137637","9137638","9137639","9137640","9137641","9137642","9137643","9137644","9137645","9137646","9137647","9137648","9137649","9137650","9137651","9137652","9137653","9137654","9137655","9137656","9137657","9137658","9137659","9137660","9137661","9137662","9137663","9137664","9137665","9137666"],"houzez_total_property_views":["3"],"houzez_views_by_date":["a:1:{s:10:\"05-01-2026\";i:3;}"],"houzez_recently_viewed":["2026-05-01 13:29:24"]},"yoast_head":"<!-- This site is optimized with the Yoast SEO plugin v17.9 - https:\/\/yoast.com\/wordpress\/plugins\/seo\/ -->\n<title>Villa ( ref. 6105) - Richard Vacances<\/title>\n<meta name=\"robots\" content=\"index, follow, max-snippet:-1, max-image-preview:large, max-video-preview:-1\" \/>\n<link rel=\"canonical\" href=\"https:\/\/richard-vacances.com\/V3\/index.php\/bien\/villa-6105-162\/\" \/>\n<meta property=\"og:locale\" content=\"fr_FR\" \/>\n<meta property=\"og:type\" content=\"article\" \/>\n<meta property=\"og:title\" content=\"Villa ( ref. 6105) - Richard Vacances\" \/>\n<meta property=\"og:description\" content=\"Lou\u00e9 en exclusivit\u00e9 par Richard Vacances depuis 2013  Agr\u00e9able villa au centre de Beg Meil  V...\" \/>\n<meta property=\"og:url\" content=\"https:\/\/richard-vacances.com\/V3\/index.php\/bien\/villa-6105-162\/\" \/>\n<meta property=\"og:site_name\" content=\"Richard Vacances\" \/>\n<meta property=\"og:image\" content=\"https:\/\/richard-vacances.com\/V3\/wp-content\/uploads\/2022\/01\/6105_6105face-1069x800JPG\" \/>\n\t<meta property=\"og:image:width\" content=\"1069\" \/>\n\t<meta property=\"og:image:height\" content=\"800\" \/>\n\t<meta property=\"og:image:type\" content=\"image\/jpeg\" \/>\n<meta name=\"twitter:card\" content=\"summary_large_image\" \/>\n<meta name=\"twitter:label1\" content=\"Dur\u00e9e de lecture estim\u00e9e\" \/>\n\t<meta name=\"twitter:data1\" content=\"1 minute\" \/>\n<script type=\"application\/ld+json\" class=\"yoast-schema-graph\">{\"@context\":\"https:\/\/schema.org\",\"@graph\":[{\"@type\":\"WebSite\",\"@id\":\"https:\/\/richard-vacances.com\/V3\/#website\",\"url\":\"https:\/\/richard-vacances.com\/V3\/\",\"name\":\"Richard Vacances\",\"description\":\"Location de vacances en Bretagne\",\"potentialAction\":[{\"@type\":\"SearchAction\",\"target\":{\"@type\":\"EntryPoint\",\"urlTemplate\":\"https:\/\/richard-vacances.com\/V3\/?s={search_term_string}\"},\"query-input\":\"required name=search_term_string\"}],\"inLanguage\":\"fr-FR\"},{\"@type\":\"ImageObject\",\"@id\":\"https:\/\/richard-vacances.com\/V3\/index.php\/bien\/villa-6105-162\/#primaryimage\",\"inLanguage\":\"fr-FR\",\"url\":\"https:\/\/richard-vacances.com\/V3\/wp-content\/uploads\/2022\/01\/6105_6105face-1069x800JPG\",\"contentUrl\":\"https:\/\/richard-vacances.com\/V3\/wp-content\/uploads\/2022\/01\/6105_6105face-1069x800JPG\",\"width\":1069,\"height\":800},{\"@type\":\"WebPage\",\"@id\":\"https:\/\/richard-vacances.com\/V3\/index.php\/bien\/villa-6105-162\/#webpage\",\"url\":\"https:\/\/richard-vacances.com\/V3\/index.php\/bien\/villa-6105-162\/\",\"name\":\"Villa ( ref. 6105) - Richard Vacances\",\"isPartOf\":{\"@id\":\"https:\/\/richard-vacances.com\/V3\/#website\"},\"primaryImageOfPage\":{\"@id\":\"https:\/\/richard-vacances.com\/V3\/index.php\/bien\/villa-6105-162\/#primaryimage\"},\"datePublished\":\"2026-05-01T10:00:30+00:00\",\"dateModified\":\"2026-05-01T10:00:30+00:00\",\"breadcrumb\":{\"@id\":\"https:\/\/richard-vacances.com\/V3\/index.php\/bien\/villa-6105-162\/#breadcrumb\"},\"inLanguage\":\"fr-FR\",\"potentialAction\":[{\"@type\":\"ReadAction\",\"target\":[\"https:\/\/richard-vacances.com\/V3\/index.php\/bien\/villa-6105-162\/\"]}]},{\"@type\":\"BreadcrumbList\",\"@id\":\"https:\/\/richard-vacances.com\/V3\/index.php\/bien\/villa-6105-162\/#breadcrumb\",\"itemListElement\":[{\"@type\":\"ListItem\",\"position\":1,\"name\":\"Home\",\"item\":\"https:\/\/richard-vacances.com\/V3\/\"},{\"@type\":\"ListItem\",\"position\":2,\"name\":\"Properties\",\"item\":\"https:\/\/richard-vacances.com\/V3\/index.php\/bien\/\"},{\"@type\":\"ListItem\",\"position\":3,\"name\":\"Villa ( ref. 6105)\"}]}]}<\/script>\n<!-- \/ Yoast SEO plugin. -->","yoast_head_json":{"title":"Villa ( ref. 6105) - Richard Vacances","robots":{"index":"index","follow":"follow","max-snippet":"max-snippet:-1","max-image-preview":"max-image-preview:large","max-video-preview":"max-video-preview:-1"},"canonical":"https:\/\/richard-vacances.com\/V3\/index.php\/bien\/villa-6105-162\/","og_locale":"fr_FR","og_type":"article","og_title":"Villa ( ref. 6105) - Richard Vacances","og_description":"Lou\u00e9 en exclusivit\u00e9 par Richard Vacances depuis 2013  Agr\u00e9able villa au centre de Beg Meil  V...","og_url":"https:\/\/richard-vacances.com\/V3\/index.php\/bien\/villa-6105-162\/","og_site_name":"Richard Vacances","og_image":[{"width":1069,"height":800,"url":"https:\/\/richard-vacances.com\/V3\/wp-content\/uploads\/2022\/01\/6105_6105face-1069x800JPG","type":"image\/jpeg"}],"twitter_card":"summary_large_image","twitter_misc":{"Dur\u00e9e de lecture estim\u00e9e":"1 minute"},"schema":{"@context":"https:\/\/schema.org","@graph":[{"@type":"WebSite","@id":"https:\/\/richard-vacances.com\/V3\/#website","url":"https:\/\/richard-vacances.com\/V3\/","name":"Richard Vacances","description":"Location de vacances en Bretagne","potentialAction":[{"@type":"SearchAction","target":{"@type":"EntryPoint","urlTemplate":"https:\/\/richard-vacances.com\/V3\/?s={search_term_string}"},"query-input":"required name=search_term_string"}],"inLanguage":"fr-FR"},{"@type":"ImageObject","@id":"https:\/\/richard-vacances.com\/V3\/index.php\/bien\/villa-6105-162\/#primaryimage","inLanguage":"fr-FR","url":"https:\/\/richard-vacances.com\/V3\/wp-content\/uploads\/2022\/01\/6105_6105face-1069x800JPG","contentUrl":"https:\/\/richard-vacances.com\/V3\/wp-content\/uploads\/2022\/01\/6105_6105face-1069x800JPG","width":1069,"height":800},{"@type":"WebPage","@id":"https:\/\/richard-vacances.com\/V3\/index.php\/bien\/villa-6105-162\/#webpage","url":"https:\/\/richard-vacances.com\/V3\/index.php\/bien\/villa-6105-162\/","name":"Villa ( ref. 6105) - Richard Vacances","isPartOf":{"@id":"https:\/\/richard-vacances.com\/V3\/#website"},"primaryImageOfPage":{"@id":"https:\/\/richard-vacances.com\/V3\/index.php\/bien\/villa-6105-162\/#primaryimage"},"datePublished":"2026-05-01T10:00:30+00:00","dateModified":"2026-05-01T10:00:30+00:00","breadcrumb":{"@id":"https:\/\/richard-vacances.com\/V3\/index.php\/bien\/villa-6105-162\/#breadcrumb"},"inLanguage":"fr-FR","potentialAction":[{"@type":"ReadAction","target":["https:\/\/richard-vacances.com\/V3\/index.php\/bien\/villa-6105-162\/"]}]},{"@type":"BreadcrumbList","@id":"https:\/\/richard-vacances.com\/V3\/index.php\/bien\/villa-6105-162\/#breadcrumb","itemListElement":[{"@type":"ListItem","position":1,"name":"Home","item":"https:\/\/richard-vacances.com\/V3\/"},{"@type":"ListItem","position":2,"name":"Properties","item":"https:\/\/richard-vacances.com\/V3\/index.php\/bien\/"},{"@type":"ListItem","position":3,"name":"Villa ( ref. 6105)"}]}]}},"_links":{"self":[{"href":"https:\/\/richard-vacances.com\/V3\/index.php\/wp-json\/wp\/v2\/properties\/9137618","targetHints":{"allow":["GET"]}}],"collection":[{"href":"https:\/\/richard-vacances.com\/V3\/index.php\/wp-json\/wp\/v2\/properties"}],"about":[{"href":"https:\/\/richard-vacances.com\/V3\/index.php\/wp-json\/wp\/v2\/types\/property"}],"author":[{"embeddable":true,"href":"https:\/\/richard-vacances.com\/V3\/index.php\/wp-json\/wp\/v2\/users\/2"}],"version-history":[{"count":0,"href":"https:\/\/richard-vacances.com\/V3\/index.php\/wp-json\/wp\/v2\/properties\/9137618\/revisions"}],"wp:featuredmedia":[{"embeddable":true,"href":"https:\/\/richard-vacances.com\/V3\/index.php\/wp-json\/wp\/v2\/media\/9137619"}],"wp:attachment":[{"href":"https:\/\/richard-vacances.com\/V3\/index.php\/wp-json\/wp\/v2\/media?parent=9137618"}],"wp:term":[{"taxonomy":"property_type","embeddable":true,"href":"https:\/\/richard-vacances.com\/V3\/index.php\/wp-json\/wp\/v2\/property_type?post=9137618"},{"taxonomy":"property_status","embeddable":true,"href":"https:\/\/richard-vacances.com\/V3\/index.php\/wp-json\/wp\/v2\/property_status?post=9137618"},{"taxonomy":"property_feature","embeddable":true,"href":"https:\/\/richard-vacances.com\/V3\/index.php\/wp-json\/wp\/v2\/property_feature?post=9137618"},{"taxonomy":"property_label","embeddable":true,"href":"https:\/\/richard-vacances.com\/V3\/index.php\/wp-json\/wp\/v2\/property_label?post=9137618"},{"taxonomy":"property_city","embeddable":true,"href":"https:\/\/richard-vacances.com\/V3\/index.php\/wp-json\/wp\/v2\/property_city?post=9137618"},{"taxonomy":"property_area","embeddable":true,"href":"https:\/\/richard-vacances.com\/V3\/index.php\/wp-json\/wp\/v2\/property_area?post=9137618"}],"curies":[{"name":"wp","href":"https:\/\/api.w.org\/{rel}","templated":true}]}}